{"id":2,"date":"2019-09-04T13:12:01","date_gmt":"2019-09-04T11:12:01","guid":{"rendered":"http:\/\/1eem.degren.eu\/?page_id=2"},"modified":"2020-01-09T13:55:56","modified_gmt":"2020-01-09T12:55:56","slug":"pagina-ejemplo","status":"publish","type":"page","link":"http:\/\/1eem.degren.eu\/","title":{"rendered":"1er EEM"},"content":{"rendered":"<p>[et_pb_section fb_built=\u00bb1&#8243; _builder_version=\u00bb3.27.4&#8243; custom_padding=\u00bb5px||3px|||\u00bb][et_pb_row _builder_version=\u00bb3.27.4&#8243; width=\u00bb100%\u00bb max_width=\u00bb100%\u00bb min_height=\u00bb494px\u00bb min_height_tablet=\u00bb\u00bb min_height_phone=\u00bb\u00bb min_height_last_edited=\u00bbon|phone\u00bb custom_margin=\u00bb|auto|-3px|auto||\u00bb custom_padding=\u00bb0px||3px|||\u00bb][et_pb_column type=\u00bb4_4&#8243; _builder_version=\u00bb3.27.4&#8243;][et_pb_image src=\u00bbhttp:\/\/1eem.degren.eu\/wp-content\/uploads\/2019\/09\/BANNER-1.png\u00bb _builder_version=\u00bb3.27.4&#8243; custom_padding=\u00bb0px|||||\u00bb][\/et_pb_image][\/et_pb_column][\/et_pb_row][\/et_pb_section][et_pb_section fb_built=\u00bb1&#8243; disabled_on=\u00bboff|off|off\u00bb module_id=\u00bb1eem\u00bb _builder_version=\u00bb3.27.4&#8243; background_color=\u00bb#ffffff\u00bb custom_padding=\u00bb26px|0px|19px|0px||\u00bb hover_transition_speed_curve=\u00bbease-in-out\u00bb][et_pb_row _builder_version=\u00bb3.27.4&#8243;][et_pb_column type=\u00bb4_4&#8243; _builder_version=\u00bb3.27.4&#8243;][et_pb_text _builder_version=\u00bb3.27.4&#8243; text_font=\u00bbMontserrat||||||||\u00bb text_font_size=\u00bb18px\u00bb text_line_height=\u00bb2.2em\u00bb header_font=\u00bb||||||||\u00bb header_2_font=\u00bb||||||||\u00bb header_3_font=\u00bbMontserrat||||||||\u00bb header_3_font_size=\u00bb24px\u00bb header_3_line_height=\u00bb1.5em\u00bb header_6_font=\u00bb||||||||\u00bb width=\u00bb100%\u00bb width_tablet=\u00bb\u00bb width_phone=\u00bb97.6%\u00bb width_last_edited=\u00bbon|phone\u00bb custom_margin=\u00bb|125px|20px||false|false\u00bb custom_padding=\u00bb|0px||0px||\u00bb]<\/p>\n<h1>I EUROACE Ecodesign Meeting<\/h1>\n<p>&nbsp;<\/p>\n<p style=\"text-align: justify;\">El <strong>I EUROACE Ecodesign Meeting (I EEM)<\/strong> es un espacio concebido para reunir a mentes comprometidas e innovadoras de la EUROACE con el objetivo de: sensibilizar sobre el <strong>ECODISE\u00d1O<\/strong> y las oportunidades que ofrece para la mejora de la competitividad empresarial, as\u00ed como las acciones que se pueden promover para su desarrollo; un evento para que seas parte del desarrollo de Extremadura, Alentejo y Regi\u00f3n Centro de Portugal desde la innovaci\u00f3n y el intercambio.<\/p>\n<p style=\"text-align: justify;\">En el <strong>I EEM<\/strong> podr\u00e1s encontrar ideas y oportunidades para todo tipo de agentes del territorio EUROACE, desde <strong>DEGREN Ecolab<\/strong> del d\u00eda 30, con un formato fresco y din\u00e1mico donde se presentar\u00e1n distintas iniciativas innovadoras vinculadas con el ECODISE\u00d1O, hasta el evento principal del d\u00eda 31 con una importante oferta formativa e informativa sobre las tendencias en ECODISE\u00d1O actuales.<\/p>\n<p style=\"text-align: justify;\">[\/et_pb_text][\/et_pb_column][\/et_pb_row][et_pb_row column_structure=\u00bb1_2,1_2&#8243; make_equal=\u00bbon\u00bb _builder_version=\u00bb3.27.4&#8243; background_color=\u00bb#ededed\u00bb width=\u00bb56%\u00bb max_width=\u00bb100%\u00bb module_alignment=\u00bbcenter\u00bb custom_margin=\u00bb|160px||||\u00bb custom_padding=\u00bb|0px||||\u00bb locked=\u00bboff\u00bb][et_pb_column type=\u00bb1_2&#8243; _builder_version=\u00bb3.27.4&#8243; custom_padding=\u00bb|||\u00bb custom_padding__hover=\u00bb|||\u00bb][et_pb_blurb title=\u00bbDonde\u00bb url=\u00bbhttps:\/\/goo.gl\/maps\/3xwTrWoBL2Tnund2A\u00bb url_new_window=\u00bbon\u00bb use_icon=\u00bbon\u00bb font_icon=\u00bb%%122%%\u00bb icon_color=\u00bb#b1cc1d\u00bb icon_placement=\u00bbleft\u00bb content_max_width=\u00bb100%\u00bb use_icon_font_size=\u00bbon\u00bb icon_font_size=\u00bb32px\u00bb _builder_version=\u00bb3.29.3&#8243; header_font=\u00bbMontserrat||||||||\u00bb header_line_height=\u00bb1.5em\u00bb body_font=\u00bbMontserrat||||||||\u00bb body_font_size=\u00bb15px\u00bb body_line_height=\u00bb1.8em\u00bb module_alignment=\u00bbleft\u00bb custom_margin=\u00bb|||\u00bb custom_padding=\u00bb|||13px||\u00bb animation=\u00bboff\u00bb]<\/p>\n<p><a href=\"http:\/\/1eem.degren.eu\/wp-content\/uploads\/2019\/10\/Como_llegar_revCc.pdf\" target=\"_blank\" rel=\"noopener noreferrer\">Badajoz \u2013 Palacio de Congresos Manuel Rojas<\/a><\/p>\n<p>[\/et_pb_blurb][\/et_pb_column][et_pb_column type=\u00bb1_2&#8243; _builder_version=\u00bb3.27.4&#8243; custom_padding=\u00bb|||\u00bb custom_padding__hover=\u00bb|||\u00bb][et_pb_blurb title=\u00bbCu\u00e1ndo\u00bb use_icon=\u00bbon\u00bb font_icon=\u00bb%%130%%\u00bb icon_color=\u00bb#b1cc1d\u00bb icon_placement=\u00bbleft\u00bb content_max_width=\u00bb100%\u00bb use_icon_font_size=\u00bbon\u00bb icon_font_size=\u00bb32px\u00bb _builder_version=\u00bb3.27.4&#8243; header_font=\u00bbMontserrat||||||||\u00bb header_line_height=\u00bb1.5em\u00bb body_font=\u00bbMontserrat||||||||\u00bb body_font_size=\u00bb15px\u00bb body_line_height=\u00bb1.8em\u00bb module_alignment=\u00bbleft\u00bb custom_margin=\u00bb|||\u00bb custom_padding=\u00bb|||20px||\u00bb animation=\u00bboff\u00bb]<\/p>\n<p>Los d\u00edas 30 y 31 de octubre de 2019<\/p>\n<p>[\/et_pb_blurb][\/et_pb_column][\/et_pb_row][\/et_pb_section][et_pb_section fb_built=\u00bb1&#8243; custom_padding_last_edited=\u00bbon|phone\u00bb admin_label=\u00bbServices Section\u00bb module_id=\u00bbprograma\u00bb _builder_version=\u00bb3.27.4&#8243; background_color=\u00bbrgba(206,206,206,0.13)\u00bb background_enable_image=\u00bboff\u00bb custom_padding=\u00bb0px|0px|120px|0px|false|false\u00bb custom_padding_tablet=\u00bb\u00bb custom_padding_phone=\u00bb10px||10px||false|false\u00bb][et_pb_row _builder_version=\u00bb3.27.4&#8243; min_height=\u00bb100px\u00bb custom_padding=\u00bb||0px|||\u00bb][et_pb_column type=\u00bb4_4&#8243; _builder_version=\u00bb3.25&#8243; custom_padding=\u00bb|||\u00bb custom_padding__hover=\u00bb|||\u00bb][et_pb_text _builder_version=\u00bb3.27.4&#8243; text_font=\u00bb||||||||\u00bb header_font=\u00bb||||||||\u00bb header_2_font=\u00bbMontserrat||||||||\u00bb header_2_font_size=\u00bb40px\u00bb header_2_line_height=\u00bb1.5em\u00bb max_width=\u00bb1051px\u00bb custom_margin=\u00bb||20px|\u00bb custom_padding=\u00bb|||\u00bb custom_padding_tablet=\u00bb0px|10%||70px\u00bb custom_padding_phone=\u00bb0px|10%||50px\u00bb custom_padding_last_edited=\u00bboff|desktop\u00bb header_2_font_size_tablet=\u00bb35px\u00bb header_2_font_size_phone=\u00bb35px\u00bb header_2_font_size_last_edited=\u00bbon|phone\u00bb header_2_line_height_tablet=\u00bb1em\u00bb header_2_line_height_phone=\u00bb1.4em\u00bb header_2_line_height_last_edited=\u00bboff|desktop\u00bb]<\/p>\n<h2 style=\"text-align: center;\">Programa<\/h2>\n<p>[\/et_pb_text][\/et_pb_column][\/et_pb_row][et_pb_row column_structure=\u00bb1_2,1_2&#8243; use_custom_gutter=\u00bbon\u00bb custom_padding_last_edited=\u00bboff|desktop\u00bb admin_label=\u00bbCTA Row\u00bb _builder_version=\u00bb3.27.4&#8243; background_color_gradient_direction=\u00bb90deg\u00bb width=\u00bb81%\u00bb max_width=\u00bb100%\u00bb module_alignment=\u00bbcenter\u00bb custom_padding=\u00bb|0px||0px||\u00bb custom_padding_tablet=\u00bb120px|||\u00bb custom_padding_phone=\u00bb120px|0px|0px|0px\u00bb use_custom_width=\u00bbon\u00bb width_unit=\u00bboff\u00bb custom_width_percent=\u00bb100%\u00bb][et_pb_column type=\u00bb1_2&#8243; _builder_version=\u00bb3.27.4&#8243; background_color=\u00bb#efefef\u00bb custom_padding=\u00bb||10px|10px|false|false\u00bb custom_padding_tablet=\u00bb|10%||10%\u00bb custom_padding_phone=\u00bb\u00bb custom_padding_last_edited=\u00bbon|tablet\u00bb box_shadow_style=\u00bbpreset1&#8243; custom_padding__hover=\u00bb|||\u00bb][et_pb_text _builder_version=\u00bb3.27.4&#8243; text_font=\u00bbMontserrat||||||||\u00bb text_font_size=\u00bb16px\u00bb text_line_height=\u00bb2.2em\u00bb header_font=\u00bb||||||||\u00bb header_2_font=\u00bbMontserrat||||||||\u00bb header_2_text_color=\u00bb#21323d\u00bb header_2_font_size=\u00bb40px\u00bb max_width=\u00bb800px\u00bb custom_margin=\u00bb10px||||false|false\u00bb custom_padding=\u00bb|||\u00bb custom_padding_tablet=\u00bb|100px||70px\u00bb custom_padding_phone=\u00bb|||50px\u00bb custom_padding_last_edited=\u00bboff|desktop\u00bb text_line_height_last_edited=\u00bboff|desktop\u00bb]<\/p>\n<p style=\"text-align: left; margin-left: 80px; margin-bottom: -20px;\"><strong><img loading=\"lazy\" decoding=\"async\" src=\"http:\/\/1eem.degren.eu\/wp-content\/uploads\/2019\/09\/30-300x62.png\" alt=\"\" class=\"wp-image-334 alignnone size-medium\" height=\"62\" width=\"300\" \/><\/strong><\/p>\n<p>[\/et_pb_text][et_pb_blurb title=\u00bb19:00 a 19:30&#8243; use_icon=\u00bbon\u00bb font_icon=\u00bb%%92%%\u00bb icon_color=\u00bb#b1cc1d\u00bb icon_placement=\u00bbleft\u00bb _builder_version=\u00bb3.27.4&#8243; body_font=\u00bbMontserrat||||||||\u00bb]<\/p>\n<p>Recepci\u00f3n de los asistentes<br \/> <strong>Sala<\/strong>: Hall del Palacio de Congresos<\/p>\n<p>[\/et_pb_blurb][et_pb_blurb title=\u00bb19:30 a 21:00&#8243; use_icon=\u00bbon\u00bb font_icon=\u00bb%%92%%\u00bb icon_color=\u00bb#b1cc1d\u00bb icon_placement=\u00bbleft\u00bb _builder_version=\u00bb4.0.11&#8243; body_font=\u00bbMontserrat||||||||\u00bb hover_enabled=\u00bb0&#8243;]<\/p>\n<p style=\"text-align: justify;\">10-15 Ponencias din\u00e1micas sobre proyectos de ecodise\u00f1o por parte de alumnos de la Escola Superior de Artes e Design de Caldas da Rainha (ESAD.CR), de alumnos del Grado en Ingenier\u00eda en Dise\u00f1o Industrial y Desarrollo de Producto y de otros proyectos de ECODISE\u00d1O.<strong><a href=\"http:\/\/1eem.degren.eu\/wp-content\/uploads\/2020\/01\/ECOLAB\/ECOLAB.zip\" target=\"_blank\" rel=\"noopener noreferrer\"><img loading=\"lazy\" decoding=\"async\" src=\"http:\/\/1eem.degren.eu\/wp-content\/uploads\/2019\/12\/pdf.png\" alt=\"\" class=\"wp-image-451 aligncenter size-full\" style=\"float: right;\" width=\"19\" height=\"19\" \/><\/a><\/strong><br \/> <strong>Sala<\/strong>: Hall del Palacio de Congresos<\/p>\n<p>[\/et_pb_blurb][et_pb_blurb title=\u00bb21:00 a 22:00&#8243; use_icon=\u00bbon\u00bb font_icon=\u00bb%%92%%\u00bb icon_color=\u00bb#b1cc1d\u00bb icon_placement=\u00bbleft\u00bb _builder_version=\u00bb3.27.4&#8243; body_font=\u00bbMontserrat||||||||\u00bb]<\/p>\n<p style=\"text-align: justify;\">Networking<\/p>\n<p>[\/et_pb_blurb][\/et_pb_column][et_pb_column type=\u00bb1_2&#8243; _builder_version=\u00bb3.27.4&#8243; background_color=\u00bb#ffffff\u00bb custom_padding=\u00bb||10px|10px|false|false\u00bb custom_padding_tablet=\u00bb|10%||10%\u00bb custom_padding_phone=\u00bb\u00bb custom_padding_last_edited=\u00bbon|tablet\u00bb box_shadow_style=\u00bbpreset1&#8243; custom_padding__hover=\u00bb|||\u00bb][et_pb_text _builder_version=\u00bb3.27.4&#8243; text_font=\u00bbMontserrat||||||||\u00bb text_font_size=\u00bb16px\u00bb text_line_height=\u00bb2.2em\u00bb header_font=\u00bb||||||||\u00bb header_2_font=\u00bbMontserrat||||||||\u00bb header_2_text_color=\u00bb#21323d\u00bb header_2_font_size=\u00bb40px\u00bb max_width=\u00bb800px\u00bb custom_margin=\u00bb10px||||false|false\u00bb custom_padding=\u00bb|||\u00bb custom_padding_tablet=\u00bb|100px||70px\u00bb custom_padding_phone=\u00bb|||50px\u00bb custom_padding_last_edited=\u00bboff|desktop\u00bb text_line_height_last_edited=\u00bboff|desktop\u00bb]<\/p>\n<p style=\"text-align: left; margin-left: 80px; margin-bottom: -20px;\"><strong><img loading=\"lazy\" decoding=\"async\" src=\"http:\/\/1eem.degren.eu\/wp-content\/uploads\/2019\/09\/31-300x62.png\" alt=\"\" class=\"wp-image-335 alignnone size-medium\" height=\"62\" width=\"300\" \/><\/strong><\/p>\n<p>[\/et_pb_text][et_pb_blurb title=\u00bb09:00 a 09:30&#8243; use_icon=\u00bbon\u00bb font_icon=\u00bb%%92%%\u00bb icon_color=\u00bb#b1cc1d\u00bb icon_placement=\u00bbleft\u00bb _builder_version=\u00bb3.27.4&#8243; body_font=\u00bbMontserrat||||||||\u00bb]<\/p>\n<p>Recepci\u00f3n de los asistentes<\/p>\n<p>[\/et_pb_blurb][et_pb_blurb title=\u00bb09:30 a 10:00&#8243; use_icon=\u00bbon\u00bb font_icon=\u00bb%%92%%\u00bb icon_color=\u00bb#b1cc1d\u00bb icon_placement=\u00bbleft\u00bb _builder_version=\u00bb3.27.4&#8243; body_font=\u00bbMontserrat||||||||\u00bb]<\/p>\n<p>Inauguraci\u00f3n Oficial<br \/><strong>Sala<\/strong>: Sala Azul<\/p>\n<p>[\/et_pb_blurb][et_pb_blurb title=\u00bb10:00 a 10:40&#8243; use_icon=\u00bbon\u00bb font_icon=\u00bb%%92%%\u00bb icon_color=\u00bb#b1cc1d\u00bb icon_placement=\u00bbleft\u00bb _builder_version=\u00bb4.0.11&#8243; body_font=\u00bbMontserrat||||||||\u00bb hover_enabled=\u00bb0&#8243;]<\/p>\n<p>Plenaria 1: <strong>\u00bfQu\u00e9 es y qu\u00e9 ofrece el ECODISE\u00d1O? <a href=\"http:\/\/1eem.degren.eu\/wp-content\/uploads\/2020\/01\/PLENARIA\/1_1EEM_DEGREN_Ecodise\u00f1o_y_Economia_Circular.pdf\" target=\"_blank\" rel=\"noopener noreferrer\"><img loading=\"lazy\" decoding=\"async\" src=\"http:\/\/1eem.degren.eu\/wp-content\/uploads\/2019\/12\/pdf.png\" alt=\"\" class=\"wp-image-451 aligncenter size-full\" style=\"float: right;\" width=\"19\" height=\"19\" \/><\/a><\/strong><br \/> Ponente: <strong>Jos\u00e9 Mar\u00eda Fern\u00e1ndez Alcal\u00e1.<\/strong><br \/> Responsable de proyectos en IHOBE, Sociedad P\u00fablica de Gesti\u00f3n Ambiental del Gobierno Vasco, y responsable del Basque Ecodesign Center.<br \/> <strong>Sala<\/strong>: Sala Azul<\/p>\n<p>[\/et_pb_blurb][et_pb_blurb title=\u00bb10:40 a 11:00&#8243; use_icon=\u00bbon\u00bb font_icon=\u00bb%%92%%\u00bb icon_color=\u00bb#b1cc1d\u00bb icon_placement=\u00bbleft\u00bb _builder_version=\u00bb4.0.11&#8243; body_font=\u00bbMontserrat||||||||\u00bb hover_enabled=\u00bb0&#8243;]<\/p>\n<p>Plenaria 2: <strong>Oportunidades del ECODISE\u00d1O en la EUROACE<a href=\"http:\/\/1eem.degren.eu\/wp-content\/uploads\/2020\/01\/PLENARIA\/2_1EEM_DEGREN_Oportunidades do ECODESIGN na Regi\u00e3o EUROACE.pdf\" target=\"_blank\" rel=\"noopener noreferrer\"><img loading=\"lazy\" decoding=\"async\" src=\"http:\/\/1eem.degren.eu\/wp-content\/uploads\/2019\/12\/pdf.png\" alt=\"\" class=\"wp-image-451 aligncenter size-full\" style=\"float: right;\" width=\"19\" height=\"19\" \/><\/a><\/strong><br \/> Ponente: <strong>Jos\u00e9 Manuel Couceiro Barosa Correia Frade.<\/strong><br \/> Profesor Adjunto del Instituto Polit\u00e9cnico de Leiria. Escuela Superior de Arte y Dise\u00f1o.<br \/> <strong>Sala<\/strong>: Sala Azul<\/p>\n<p>[\/et_pb_blurb][et_pb_blurb title=\u00bb11:00 a 11:20&#8243; use_icon=\u00bbon\u00bb font_icon=\u00bb%%92%%\u00bb icon_color=\u00bb#b1cc1d\u00bb icon_placement=\u00bbleft\u00bb _builder_version=\u00bb4.0.11&#8243; body_font=\u00bbMontserrat||||||||\u00bb hover_enabled=\u00bb0&#8243;]<\/p>\n<p><span style=\"text-size: 18px;\">Plenaria 3:<\/span> <strong>Pasado, Presente y Futuro del Ecodise\u00f1o y en la EUROACE<a href=\"http:\/\/1eem.degren.eu\/wp-content\/uploads\/2020\/01\/PLENARIA\/3_1EEM_DEGREN_Pasado_presente_futuro.pdf\" target=\"_blank\" rel=\"noopener noreferrer\"><img loading=\"lazy\" decoding=\"async\" src=\"http:\/\/1eem.degren.eu\/wp-content\/uploads\/2019\/12\/pdf.png\" alt=\"\" class=\"wp-image-451 aligncenter size-full\" style=\"float: right;\" width=\"19\" height=\"19\" \/><\/a><\/strong><br \/> Ponente: <strong>Manuel Mart\u00edn Castizo<\/strong>.<br \/> <strong>Sala<\/strong>: Sala Azul<\/p>\n<p>[\/et_pb_blurb][et_pb_blurb title=\u00bb11:20 a 11:40&#8243; use_icon=\u00bbon\u00bb font_icon=\u00bb%%92%%\u00bb icon_color=\u00bb#b1cc1d\u00bb icon_placement=\u00bbleft\u00bb _builder_version=\u00bb4.0.11&#8243; body_font=\u00bbMontserrat||||||||\u00bb hover_enabled=\u00bb0&#8243;]<\/p>\n<p><span style=\"text-size: 18px;\">Plenaria 4:<\/span> <strong>DELTA Caf\u00e9s. Buenas Pr\u00e1cticas empresariales en ECODISE\u00d1O<a href=\"http:\/\/1eem.degren.eu\/wp-content\/uploads\/2020\/01\/PLENARIA\/4_1EEM_Boas_Practica_empresariales_NOVADELTA.pdf\" target=\"_blank\" rel=\"noopener noreferrer\"><img loading=\"lazy\" decoding=\"async\" src=\"http:\/\/1eem.degren.eu\/wp-content\/uploads\/2019\/12\/pdf.png\" alt=\"\" class=\"wp-image-451 aligncenter size-full\" style=\"float: right;\" width=\"19\" height=\"19\" \/><\/a><br \/> <\/strong> Ponente: <strong>Pedro Assude.<\/strong><br \/> Senior Innovation Manager en DELTA CAF\u00c9S.<br \/> <strong>Sala<\/strong>: Sala Azul<\/p>\n<p>[\/et_pb_blurb][et_pb_blurb title=\u00bb11:40&#8243; use_icon=\u00bbon\u00bb font_icon=\u00bb%%92%%\u00bb icon_color=\u00bb#b1cc1d\u00bb icon_placement=\u00bbleft\u00bb _builder_version=\u00bb3.27.4&#8243; body_font=\u00bbMontserrat||||||||\u00bb]<\/p>\n<p><strong>Pausa &#8211; Caf\u00e9<br \/><\/strong><\/p>\n<p>[\/et_pb_blurb][et_pb_blurb title=\u00bb12:15 a 14:30&#8243; use_icon=\u00bbon\u00bb font_icon=\u00bb%%92%%\u00bb icon_color=\u00bb#b1cc1d\u00bb icon_placement=\u00bbleft\u00bb _builder_version=\u00bb3.29.3&#8243; body_font=\u00bbMontserrat||||||||\u00bb]<\/p>\n<p><strong>Laboratorio de Ideas de Ecodise\u00f1o<br \/> <\/strong><strong>LAB_1:<\/strong> <a href=\"#lab1\">+info<\/a> \u00a0\u00a0 <strong>LAB_2:<\/strong> <a href=\"#lab2\">+info<\/a><\/p>\n<p>[\/et_pb_blurb][\/et_pb_column][\/et_pb_row][et_pb_row column_structure=\u00bb1_2,1_2&#8243; use_custom_gutter=\u00bbon\u00bb gutter_width=\u00bb2&#8243; make_equal=\u00bbon\u00bb custom_padding_last_edited=\u00bboff|desktop\u00bb _builder_version=\u00bb3.27.4&#8243; background_color_gradient_direction=\u00bb90deg\u00bb width=\u00bb81%\u00bb max_width=\u00bb100%\u00bb module_alignment=\u00bbcenter\u00bb custom_padding=\u00bb3px|0px|1px|0px||\u00bb custom_padding_tablet=\u00bb120px|||\u00bb custom_padding_phone=\u00bb120px|0px|0px|0px\u00bb box_shadow_style=\u00bbpreset2&#8243;][et_pb_column type=\u00bb1_2&#8243; module_id=\u00bblab1&#8243; _builder_version=\u00bb3.27.4&#8243; background_color=\u00bb#ffffff\u00bb custom_padding=\u00bb||10px|10px|false|false\u00bb custom_padding_tablet=\u00bb|10%||10%\u00bb custom_padding_phone=\u00bb\u00bb custom_padding_last_edited=\u00bbon|tablet\u00bb box_shadow_style=\u00bbpreset1&#8243; custom_padding__hover=\u00bb|||\u00bb][et_pb_text content_tablet=\u00bb\u00bb content_phone=\u00bb<\/p>\n<table style=%22width: 100%; height: 90px; margin-left: auto; margin-right: auto;%22 border=%220%22 height=%2290%22>\n<tbody>\n<tr>\n<td style=%22background-color: #a6cd00; width: 100%; text-align: right; vertical-align: middle;%22><img src=%22http:\/\/1eem.degren.eu\/wp-content\/uploads\/2019\/09\/LAB1_VERDE.jpg%22 alt=%22%22 class=%22wp-image-220 alignnone size-medium%22 width=%22100%%22 height=%2262%22 \/><span style=%22color: #ffffff;%22><strong><\/strong><\/span><\/p>\n<h2 style=%22text-align: left;%22><span style=%22color: #ffffff; font-size: 20px;%22><strong>Retos del Ecodise\u00f1o para la Econom\u00eda Circular como elemento de innovaci\u00f3n.<br \/>\n<\/strong><span style=%22font-size: 14px;%22>Sala: Azul<\/span><\/span><\/h2>\n<\/td>\n<\/tr>\n<\/tbody>\n<\/table>\n<p>\u00bb content_last_edited=\u00bbon|phone\u00bb _builder_version=\u00bb3.27.4&#8243; custom_margin=\u00bb|||8px|false|false\u00bb]<\/p>\n<table style=\"width: 100%; height: 90px; margin-left: auto; margin-right: auto;\" border=\"0\" height=\"90\">\n<tbody>\n<tr>\n<td style=\"background-color: #a6cd00; width: 30%; text-align: right; vertical-align: middle;\"><img loading=\"lazy\" decoding=\"async\" src=\"http:\/\/1eem.degren.eu\/wp-content\/uploads\/2019\/09\/LAB1_VERDE.jpg\" alt=\"\" class=\"wp-image-220 alignnone size-medium\" width=\"179\" height=\"62\" \/><span style=\"color: #ffffff;\"><strong><\/strong><\/span><\/td>\n<td style=\"background-color: #a6cd00; width: 70%; text-align: left;\">\n<h2 style=\"text-align: left;\"><span style=\"color: #ffffff; font-size: 20px;\"><strong>Retos del Ecodise\u00f1o para la Econom\u00eda Circular como elemento de innovaci\u00f3n.<br \/> <\/strong><span style=\"font-size: 14px;\">Sala: Azul<\/span><\/span><\/h2>\n<\/td>\n<\/tr>\n<\/tbody>\n<\/table>\n<p>[\/et_pb_text][et_pb_blurb title=\u00bbP1&#8243; use_icon=\u00bbon\u00bb font_icon=\u00bb%%92%%\u00bb icon_color=\u00bb#b1cc1d\u00bb icon_placement=\u00bbleft\u00bb _builder_version=\u00bb4.0.11&#8243; body_font=\u00bbMontserrat||||||||\u00bb hover_enabled=\u00bb0&#8243;]<\/p>\n<p><strong>Principales retos del ecodise\u00f1o en la econom\u00eda circular.<a href=\"http:\/\/1eem.degren.eu\/wp-content\/uploads\/2020\/01\/LAB1\/1_Lab1_1EEM_DEGREN_Retos_ecodiseno_ec_circular.pdf\" target=\"_blank\" rel=\"noopener noreferrer\"><img loading=\"lazy\" decoding=\"async\" src=\"http:\/\/1eem.degren.eu\/wp-content\/uploads\/2019\/12\/pdf.png\" alt=\"\" class=\"wp-image-451 aligncenter size-full\" style=\"float: right;\" width=\"19\" height=\"19\" \/><\/a><br \/> <\/strong>Ponente: <strong>D\u00f1a. Cristina Rocha. Investigadora del Laborat\u00f3rio Nacional de Energia y Geologia (LNEG)<br \/> <\/strong><\/p>\n<p>[\/et_pb_blurb][et_pb_blurb title=\u00bbP2&#8243; use_icon=\u00bbon\u00bb font_icon=\u00bb%%92%%\u00bb icon_color=\u00bb#b1cc1d\u00bb icon_placement=\u00bbleft\u00bb _builder_version=\u00bb4.0.11&#8243; body_font=\u00bbMontserrat||||||||\u00bb hover_enabled=\u00bb0&#8243;]<\/p>\n<p><strong>Ecodise\u00f1o en productos del sector Energ\u00e9tico.<br \/> <\/strong>Ponente:<strong> D. Jos\u00e9 Tim\u00f3n Tiemblo. Director T\u00e9cnico de Urvipexsa<a href=\"http:\/\/1eem.degren.eu\/wp-content\/uploads\/2020\/01\/LAB1\/2_Lab1_1EEM_DEGREN_Dise\u00f1o_mat_naturales_y_reciclados_I.pdf\" target=\"_blank\" rel=\"noopener noreferrer\"><img loading=\"lazy\" decoding=\"async\" src=\"http:\/\/1eem.degren.eu\/wp-content\/uploads\/2019\/12\/pdf.png\" alt=\"\" class=\"wp-image-451 aligncenter size-full\" style=\"float: right;\" width=\"19\" height=\"19\" \/><\/a><br \/> <\/strong>Ponente: <strong>D\u00f1a. M\u00f3nica Ruiz-Roso Luna. Direcci\u00f3n General de Arquitectura y Calidad de la Edificaci\u00f3n<a href=\"http:\/\/1eem.degren.eu\/wp-content\/uploads\/2020\/01\/LAB1\/2B_Lab1_1EEM_DEGREN_Dise\u00f1o_mat_naturales_y_reciclados_II.pdf\" target=\"_blank\" rel=\"noopener noreferrer\"><img loading=\"lazy\" decoding=\"async\" src=\"http:\/\/1eem.degren.eu\/wp-content\/uploads\/2019\/12\/pdf.png\" alt=\"\" class=\"wp-image-451 aligncenter size-full\" style=\"float: right;\" width=\"19\" height=\"19\" \/><\/a><br \/> <\/strong><\/p>\n<p>[\/et_pb_blurb][et_pb_blurb title=\u00bbP3&#8243; use_icon=\u00bbon\u00bb font_icon=\u00bb%%92%%\u00bb icon_color=\u00bb#b1cc1d\u00bb icon_placement=\u00bbleft\u00bb _builder_version=\u00bb4.0.11&#8243; body_font=\u00bbMontserrat||||||||\u00bb hover_enabled=\u00bb0&#8243;]<\/p>\n<p><strong>Ecodise\u00f1o en Arquitectura.<a href=\"http:\/\/1eem.degren.eu\/wp-content\/uploads\/2020\/01\/LAB1\/3_Lab1_1EEM_DEGREN_Sistema_DAPHabitat.pdf\" target=\"_blank\" rel=\"noopener noreferrer\"><img loading=\"lazy\" decoding=\"async\" src=\"http:\/\/1eem.degren.eu\/wp-content\/uploads\/2019\/12\/pdf.png\" alt=\"\" class=\"wp-image-451 aligncenter size-full\" style=\"float: right;\" width=\"19\" height=\"19\" \/><\/a><br \/> <\/strong>Ponente: <strong>Prof. Victor Ferreira. Presidente del Cluster Habitat Sustent\u00e1vel.<br \/> <\/strong><\/p>\n<p>[\/et_pb_blurb][et_pb_blurb title=\u00bbP4&#8243; use_icon=\u00bbon\u00bb font_icon=\u00bb%%92%%\u00bb icon_color=\u00bb#b1cc1d\u00bb icon_placement=\u00bbleft\u00bb _builder_version=\u00bb4.0.11&#8243; body_font=\u00bbMontserrat||||||||\u00bb hover_enabled=\u00bb0&#8243;]<\/p>\n<p><strong>Estrategia marco de disminuci\u00f3n de impactos ambientales en Extremadura\/Alentejo.<a href=\"http:\/\/1eem.degren.eu\/wp-content\/uploads\/2020\/01\/LAB1\/4_Lab1_1EEM_DEGREN_Disminucion_impactos_ambientales.pdf\" target=\"_blank\" rel=\"noopener noreferrer\"><img loading=\"lazy\" decoding=\"async\" src=\"http:\/\/1eem.degren.eu\/wp-content\/uploads\/2019\/12\/pdf.png\" alt=\"\" class=\"wp-image-451 aligncenter size-full\" style=\"float: right;\" width=\"19\" height=\"19\" \/><\/a><br \/> <\/strong>Ponente:<strong> Alba Victoria Hern\u00e1ndez Se\u00f1or\u00e1n. T\u00e9cnico del proyecto de Creaci\u00f3n de la Gu\u00eda de Compra P\u00fablica Verde para la Administraci\u00f3n y las Empresas.<br \/> <\/strong><\/p>\n<p>[\/et_pb_blurb][et_pb_blurb title=\u00bbMesa de debate\u00bb use_icon=\u00bbon\u00bb font_icon=\u00bb%%92%%\u00bb icon_color=\u00bb#b1cc1d\u00bb icon_placement=\u00bbleft\u00bb _builder_version=\u00bb3.27.4&#8243; body_font=\u00bbMontserrat||||||||\u00bb]<strong>Sobre retos del ecodise\u00f1o para la econom\u00eda circular en la EUROACE<\/strong>[\/et_pb_blurb][\/et_pb_column][et_pb_column type=\u00bb1_2&#8243; module_id=\u00bblab2&#8243; _builder_version=\u00bb3.27.4&#8243; background_color=\u00bb#ffffff\u00bb custom_padding=\u00bb||10px|10px|false|false\u00bb custom_padding_tablet=\u00bb|10%||10%\u00bb custom_padding_phone=\u00bb\u00bb custom_padding_last_edited=\u00bbon|tablet\u00bb box_shadow_style=\u00bbpreset1&#8243; custom_padding__hover=\u00bb|||\u00bb][et_pb_text content_tablet=\u00bb\u00bb content_phone=\u00bb<\/p>\n<table style=%22width: 100%; height: 90px; margin-left: auto; margin-right: auto;%22 border=%220%22 height=%2290%22>\n<tbody>\n<tr>\n<td style=%22background-color: #a6cd00; width: 100%; text-align: right; vertical-align: middle;%22><img src=%22http:\/\/1eem.degren.eu\/wp-content\/uploads\/2019\/09\/LAB2_VERDE.jpg%22 alt=%22%22 class=%22wp-image-220 alignnone size-medium%22 width=%22100%%22 height=%2262%22 \/><span style=%22color: #ffffff;%22><strong><\/strong><\/span><\/p>\n<h2 style=%22text-align: left;%22><span style=%22color: #ffffff; font-size: 20px;%22><strong>El papel de las PYMEs en el Ecodise\u00f1o y la comunicaci\u00f3n al consumidor.<br \/>\n<\/strong><span style=%22font-size: 14px;%22>Sala: Polivalente I<\/span><\/span><\/h2>\n<\/td>\n<\/tr>\n<\/tbody>\n<\/table>\n<p>\u00bb content_last_edited=\u00bbon|phone\u00bb _builder_version=\u00bb3.27.4&#8243; custom_margin=\u00bb|8px|||false|false\u00bb]<\/p>\n<table style=\"width: 100%; height: 90px; margin-left: auto; margin-right: auto;\" height=\"90\" border=\"0\">\n<tbody>\n<tr>\n<td style=\"background-color: #a6cd00; width: 30%; text-align: right; vertical-align: middle;\"><img loading=\"lazy\" decoding=\"async\" src=\"http:\/\/1eem.degren.eu\/wp-content\/uploads\/2019\/09\/LAB_2-300x105.jpg\" alt=\"\" class=\"wp-image-336 alignnone size-medium\" height=\"105\" width=\"300\" \/><span style=\"color: #ffffff;\"><strong><\/strong><\/span><\/td>\n<td style=\"background-color: #a6cd00; width: 70%; text-align: left;\">\n<h2 style=\"text-align: left;\"><span style=\"color: #ffffff; font-size: 20px;\"><strong>El papel de las PYMEs en el Ecodise\u00f1o y la comunicaci\u00f3n al consumidor.<br \/> <\/strong><span style=\"font-size: 14px;\">Sala: Polivalente III<\/span><\/span><\/h2>\n<\/td>\n<\/tr>\n<\/tbody>\n<\/table>\n<p>[\/et_pb_text][et_pb_blurb title=\u00bbP1&#8243; use_icon=\u00bbon\u00bb font_icon=\u00bb%%92%%\u00bb icon_color=\u00bb#b1cc1d\u00bb icon_placement=\u00bbleft\u00bb _builder_version=\u00bb4.0.11&#8243; body_font=\u00bbMontserrat||||||||\u00bb hover_enabled=\u00bb0&#8243;]<\/p>\n<p><strong>Las Pymes antes el ecodise\u00f1o y la comunicaci\u00f3n al consumidor.<a href=\"http:\/\/1eem.degren.eu\/wp-content\/uploads\/2020\/01\/LAB2\/1_Lab2_1EEM_DEGREN_Pymes_y_ecodiseno.pdf\" target=\"_blank\" rel=\"noopener noreferrer\"><img loading=\"lazy\" decoding=\"async\" src=\"http:\/\/1eem.degren.eu\/wp-content\/uploads\/2019\/12\/pdf.png\" alt=\"\" class=\"wp-image-451 aligncenter size-full\" style=\"float: right;\" width=\"19\" height=\"19\" \/><\/a><br \/> <\/strong>Ponente: <strong>Jos\u00e9 Luis Canga Caba\u00f1es. Director T\u00e9cnico de Abaleo. Factor\u00eda de soluciones ambientales.<br \/> <\/strong><\/p>\n<p>[\/et_pb_blurb][et_pb_blurb title=\u00bbP2&#8243; use_icon=\u00bbon\u00bb font_icon=\u00bb%%92%%\u00bb icon_color=\u00bb#b1cc1d\u00bb icon_placement=\u00bbleft\u00bb _builder_version=\u00bb4.0.11&#8243; body_font=\u00bbMontserrat||||||||\u00bb hover_enabled=\u00bb0&#8243;]<\/p>\n<p><strong>El sector p\u00fablico como tractor del ecodise\u00f1o en las pymes.<a href=\"http:\/\/1eem.degren.eu\/wp-content\/uploads\/2020\/01\/LAB2\/2_Lab2_1EEM_DEGREN_Sector_Publico_pymes.pdf\" target=\"_blank\" rel=\"noopener noreferrer\"><img loading=\"lazy\" decoding=\"async\" src=\"http:\/\/1eem.degren.eu\/wp-content\/uploads\/2019\/12\/pdf.png\" alt=\"\" class=\"wp-image-451 aligncenter size-full\" style=\"float: right;\" width=\"19\" height=\"19\" \/><\/a>\u00a0\u00a0\u00a0\u00a0\u00a0\u00a0\u00a0\u00a0\u00a0\u00a0\u00a0\u00a0\u00a0 <br \/> <\/strong>Ponente: <strong>Rub\u00e9n Carnerero. Socio director de IK Ingenier\u00eda.<br \/> <\/strong><\/p>\n<p>[\/et_pb_blurb][et_pb_blurb title=\u00bbP3&#8243; use_icon=\u00bbon\u00bb font_icon=\u00bb%%92%%\u00bb icon_color=\u00bb#b1cc1d\u00bb icon_placement=\u00bbleft\u00bb _builder_version=\u00bb4.0.11&#8243; body_font=\u00bbMontserrat||||||||\u00bb hover_enabled=\u00bb0&#8243;]<\/p>\n<p><strong>Ecoetiquetados de productos: que son y para qu\u00e9 sirven.<a href=\"http:\/\/1eem.degren.eu\/wp-content\/uploads\/2020\/01\/LAB2\/3_Lab2_1EEM_DEGREN_Ecoetiquetados.pdf\" target=\"_blank\" rel=\"noopener noreferrer\"><img loading=\"lazy\" decoding=\"async\" src=\"http:\/\/1eem.degren.eu\/wp-content\/uploads\/2019\/12\/pdf.png\" alt=\"\" class=\"wp-image-451 aligncenter size-full\" style=\"float: right;\" width=\"19\" height=\"19\" \/><\/a><br \/> <\/strong>Ponente: <strong>Marisa Almeida. Consultora \/Auditoria. Centro Tecnol\u00f3gico de la Cer\u00e1mica y el Vidrio.<br \/> <\/strong><\/p>\n<p>[\/et_pb_blurb][et_pb_blurb title=\u00bbP4&#8243; use_icon=\u00bbon\u00bb font_icon=\u00bb%%92%%\u00bb icon_color=\u00bb#b1cc1d\u00bb icon_placement=\u00bbleft\u00bb _builder_version=\u00bb4.0.11&#8243; body_font=\u00bbMontserrat||||||||\u00bb hover_enabled=\u00bb0&#8243;]<\/p>\n<p><strong>Comunicaci\u00f3n y Ecodise\u00f1o.<a href=\"http:\/\/1eem.degren.eu\/wp-content\/uploads\/2020\/01\/LAB2\/4_Lab2_1EEM_DEGREN_Comuniccion_y_ecodiseno.pdf\" target=\"_blank\" rel=\"noopener noreferrer\"><img loading=\"lazy\" decoding=\"async\" src=\"http:\/\/1eem.degren.eu\/wp-content\/uploads\/2019\/12\/pdf.png\" alt=\"\" class=\"wp-image-451 aligncenter size-full\" style=\"float: right;\" width=\"19\" height=\"19\" \/><\/a><br \/> <\/strong>Ponente: <strong>Esther S\u00e1nchez. Redactora de RETEMA. Revista t\u00e9cnica de Medio Ambiente<br \/> <\/strong><\/p>\n<p>[\/et_pb_blurb][et_pb_blurb title=\u00bbMesa de debate\u00bb use_icon=\u00bbon\u00bb font_icon=\u00bb%%92%%\u00bb icon_color=\u00bb#b1cc1d\u00bb icon_placement=\u00bbleft\u00bb _builder_version=\u00bb3.27.4&#8243; body_font=\u00bbMontserrat||||||||\u00bb]<strong>sobre retos del sector p\u00fablico, las pymes y los consumidores frente al ecodise\u00f1o<\/strong>[\/et_pb_blurb][\/et_pb_column][\/et_pb_row][et_pb_row _builder_version=\u00bb3.27.4&#8243; custom_margin=\u00bb-2px|auto||auto||\u00bb][et_pb_column type=\u00bb4_4&#8243; _builder_version=\u00bb3.27.4&#8243; background_color=\u00bb#ffffff\u00bb][et_pb_blurb title=\u00bb14:30&#8243; use_icon=\u00bbon\u00bb font_icon=\u00bb%%92%%\u00bb icon_color=\u00bb#b1cc1d\u00bb icon_placement=\u00bbleft\u00bb content_tablet=\u00bb\u00bb content_phone=\u00bb\u00bb content_last_edited=\u00bbon|phone\u00bb _builder_version=\u00bb3.27.4&#8243; body_font=\u00bbMontserrat||||||||\u00bb custom_padding=\u00bb10px||10px|20px|false|false\u00bb box_shadow_style=\u00bbpreset1&#8243; locked=\u00bboff\u00bb]<\/p>\n<p style=\"text-align: left;\"><strong>Conclusiones y clausura del encuentro<\/strong><br \/> <strong>Sala<\/strong>: Azul<\/p>\n<p>[\/et_pb_blurb][\/et_pb_column][\/et_pb_row][\/et_pb_section][et_pb_section fb_built=\u00bb1&#8243; custom_padding_last_edited=\u00bbon|phone\u00bb disabled_on=\u00bboff|off|off\u00bb admin_label=\u00bbStats\u00bb module_id=\u00bbinscripcion\u00bb _builder_version=\u00bb3.27.4&#8243; background_color=\u00bb#efefef\u00bb background_enable_image=\u00bboff\u00bb custom_margin=\u00bb|||\u00bb custom_padding=\u00bb5px|0px|11px|30px|false|false\u00bb custom_padding_tablet=\u00bb\u00bb custom_padding_phone=\u00bb\u00bb filter_saturate=\u00bb6%\u00bb bottom_divider_color=\u00bbrgba(5,41,66,0.3)\u00bb bottom_divider_height=\u00bb12vw\u00bb][et_pb_row _builder_version=\u00bb3.27.4&#8243; width=\u00bb93.1%\u00bb custom_margin=\u00bb|419px||auto||\u00bb custom_padding=\u00bb|0px||||\u00bb][et_pb_column type=\u00bb4_4&#8243; _builder_version=\u00bb3.27.4&#8243;][et_pb_text _builder_version=\u00bb3.27.4&#8243; text_font=\u00bb||||||||\u00bb text_text_color=\u00bb#000000&#8243; text_font_size=\u00bb16px\u00bb header_text_color=\u00bb#000000&#8243; background_layout=\u00bbdark\u00bb width=\u00bb100%\u00bb custom_padding=\u00bb|||0px||\u00bb]<\/p>\n<h1 style=\"text-align: center;\">Formulario de inscripci\u00f3n<\/h1>\n<p style=\"text-align: justify;\"><p>Lo siento.  Este formulario ya no est\u00e1 disponible.<\/p><\/p>\n<p>[\/et_pb_text][\/et_pb_column][\/et_pb_row][\/et_pb_section][et_pb_section fb_built=\u00bb1&#8243; disabled_on=\u00bboff|off|off\u00bb admin_label=\u00bbStats\u00bb module_id=\u00bbecodiseno\u00bb _builder_version=\u00bb3.27.4&#8243; background_color=\u00bb#ffffff\u00bb custom_padding=\u00bb26px|0px|19px|0px||\u00bb bottom_divider_color=\u00bbrgba(5,41,66,0.3)\u00bb bottom_divider_height=\u00bb12vw\u00bb hover_transition_speed_curve=\u00bbease-in-out\u00bb][et_pb_row make_equal=\u00bbon\u00bb _builder_version=\u00bb3.27.4&#8243;][et_pb_column type=\u00bb4_4&#8243; _builder_version=\u00bb3.27.4&#8243;][et_pb_image src=\u00bbhttp:\/\/1eem.degren.eu\/wp-content\/uploads\/2019\/09\/DEGREN.jpg\u00bb _builder_version=\u00bb3.27.4&#8243;][\/et_pb_image][\/et_pb_column][\/et_pb_row][et_pb_row _builder_version=\u00bb3.27.4&#8243;][et_pb_column type=\u00bb4_4&#8243; _builder_version=\u00bb3.27.4&#8243;][et_pb_text _builder_version=\u00bb3.27.4&#8243; text_font=\u00bbMontserrat||||||||\u00bb text_font_size=\u00bb18px\u00bb text_line_height=\u00bb2.2em\u00bb header_font=\u00bb||||||||\u00bb header_2_font=\u00bb||||||||\u00bb header_3_font=\u00bbMontserrat||||||||\u00bb header_3_font_size=\u00bb24px\u00bb header_3_line_height=\u00bb1.5em\u00bb header_6_font=\u00bb||||||||\u00bb width=\u00bb100%\u00bb width_tablet=\u00bb\u00bb width_phone=\u00bb97.6%\u00bb width_last_edited=\u00bbon|phone\u00bb custom_margin=\u00bb|125px|20px||false|false\u00bb custom_padding=\u00bb|0px||0px||\u00bb]<\/p>\n<h1 style=\"text-align: justify;\">ECODISE\u00d1O_La sostenibilidad como base para el desarrollo<\/h1>\n<p style=\"text-align: justify;\">\n<p style=\"text-align: justify;\">El <strong>ecodise\u00f1o<\/strong>, conocido tambi\u00e9n como dise\u00f1o ecol\u00f3gico o dise\u00f1o para el medio ambiente, se define, seg\u00fan la norma <strong>ISO 14006<\/strong>, \u00abSistemas de Gesti\u00f3n Ambiental. Directrices para la incorporaci\u00f3n del ecodise\u00f1o\u00bb, como \u00abla integraci\u00f3n de aspectos ambientales en el dise\u00f1o y desarrollo del producto con el objetivo de reducir los impactos ambientales adversos a lo largo del ciclo de vida de un producto\u00bb. El ecodise\u00f1o no pretende por lo tanto modificar el proceso de dise\u00f1o industrial de los productos y\/o servicios, sino complementarlo introduciendo el medio ambiente como otro factor m\u00e1s a tener en cuenta a la hora de la toma de decisiones durante el proceso de desarrollo de los productos.<\/p>\n<p style=\"text-align: justify;\">Un factor clave importante del ecodise\u00f1o es el enfoque de <strong>Ciclo de Vida<\/strong>. Se trata de considerar las interacciones de todas las etapas de la vida del producto desde la extracci\u00f3n de las materias primas, fabricaci\u00f3n, distribuci\u00f3n y uso, hasta la fase de fin de vida. Para poder desarrollar un buen producto es imprescindible que desde el primer momento del dise\u00f1o se contemplen las interacciones existentes entre todas las etapas de su vida. Esto permite tener un mayor conocimiento del propio producto, conocer d\u00f3nde est\u00e1n sus mayores impactos ambientales, visualizar los posibles traslados de cargas ambientales de una etapa a otra y poder optar por la alternativa que reduzca <strong>el impacto ambiental global<\/strong>.<\/p>\n<p style=\"text-align: justify;\">La importancia de incorporar la <strong>variable ambiental<\/strong> desde el momento de dise\u00f1o resulta clave, ya que se estima que el 80% de los impactos ambientales de todo el ciclo de vida de los productos se determina durante su fase de dise\u00f1o.<\/p>\n<p style=\"text-align: justify;\">Un buen dise\u00f1o y desarrollo de los productos\/servicios en la industria es imprescindible para el propio negocio y para la competitividad de las empresas. Por lo tanto, la integraci\u00f3n del ecodise\u00f1o como <strong>est\u00e1ndar de calidad ambiental<\/strong> puede aportar sustanciales ventajas competitivas para una organizaci\u00f3n.<\/p>\n<p>[\/et_pb_text][\/et_pb_column][\/et_pb_row][\/et_pb_section][et_pb_section fb_built=\u00bb1&#8243; admin_label=\u00bbPricing Section\u00bb module_id=\u00bbdegren\u00bb _builder_version=\u00bb3.27.4&#8243; background_color=\u00bb#efefef\u00bb custom_padding=\u00bb26px|0px|19px|0px||\u00bb][et_pb_row _builder_version=\u00bb3.27.4&#8243;][et_pb_column type=\u00bb4_4&#8243; _builder_version=\u00bb3.27.4&#8243;][et_pb_image src=\u00bbhttp:\/\/1eem.degren.eu\/wp-content\/uploads\/2019\/09\/ecodise\u00f1o_.jpg\u00bb _builder_version=\u00bb3.27.4&#8243;][\/et_pb_image][\/et_pb_column][\/et_pb_row][et_pb_row admin_label=\u00bbPricing Row\u00bb _builder_version=\u00bb3.27.4&#8243; border_color_all=\u00bb#e0e7ed\u00bb border_width_top=\u00bb1px\u00bb border_width_bottom=\u00bb1px\u00bb border_color_bottom=\u00bb#e8e8e8&#8243;][et_pb_column type=\u00bb4_4&#8243; _builder_version=\u00bb3.27.4&#8243; custom_padding=\u00bb|||\u00bb custom_padding__hover=\u00bb|||\u00bb][et_pb_text admin_label=\u00bbPackage Title &#038; Services with Paragraph\u00bb _builder_version=\u00bb3.27.4&#8243; text_font=\u00bbMontserrat||||||||\u00bb text_font_size=\u00bb18px\u00bb text_line_height=\u00bb2.2em\u00bb header_font=\u00bb||||||||\u00bb header_2_font=\u00bb||||||||\u00bb header_3_font=\u00bbMontserrat||||||||\u00bb header_3_font_size=\u00bb24px\u00bb header_3_line_height=\u00bb1.5em\u00bb header_6_font=\u00bb||||||||\u00bb width=\u00bb96.2%\u00bb custom_margin=\u00bb|-84px|20px|||\u00bb custom_padding=\u00bb|0px||||\u00bb]<\/p>\n<h1 style=\"text-align: justify;\"><strong>DEGREN_Centro de ecodise\u00f1o de la EUROACE<\/strong><\/h1>\n<p style=\"text-align: justify;\"><strong><\/strong><\/p>\n<p style=\"text-align: justify;\"><a href=\"http:\/\/www.degren.eu\" target=\"_blank\" rel=\"noopener noreferrer\"><strong>DEGREN<\/strong><\/a> es el Acr\u00f3nimo del Proyecto, cuyo significado es: <strong>Centro Transfronterizo de Innovaci\u00f3n Empresarial en Ecodise\u00f1o en la EUROACE<\/strong> \u2013 Design &amp; Green ENgineering.<\/p>\n<p style=\"text-align: justify;\">Se trata de un proyecto aprobado en la primera convocatoria del Programa Operativo EP \u2013 INTERREG V A Espa\u00f1a Portugal (<strong>POCTEP<\/strong>) 2014-2020, y se plantea como una apuesta decidida por la promoci\u00f3n del ECODISE\u00d1O en el contexto de la <strong>EUROACE<\/strong>, de forma que act\u00fae como palanca de competitividad mediante la que potenciar la innovaci\u00f3n y la transferencia de tecnolog\u00eda.<\/p>\n<p>[\/et_pb_text][et_pb_image src=\u00bbhttp:\/\/1eem.degren.eu\/wp-content\/uploads\/2019\/09\/degren-logotipo-300&#215;61.png\u00bb align=\u00bbcenter\u00bb _builder_version=\u00bb3.27.4&#8243;][\/et_pb_image][\/et_pb_column][\/et_pb_row][\/et_pb_section][et_pb_section fb_built=\u00bb1&#8243; admin_label=\u00bbTestimonials\u00bb module_id=\u00bbods\u00bb _builder_version=\u00bb3.27.4&#8243; min_height=\u00bb690px\u00bb custom_padding=\u00bb22px|0px|4px|0px||\u00bb saved_tabs=\u00bball\u00bb][et_pb_row _builder_version=\u00bb3.27.4&#8243; custom_padding=\u00bb|||\u00bb border_color_bottom=\u00bb#e8e8e8&#8243;][et_pb_column type=\u00bb4_4&#8243; _builder_version=\u00bb3.25&#8243; custom_padding=\u00bb|||\u00bb custom_padding__hover=\u00bb|||\u00bb][et_pb_image src=\u00bbhttp:\/\/1eem.degren.eu\/wp-content\/uploads\/2019\/09\/I_EEM.jpg\u00bb _builder_version=\u00bb3.27.4&#8243;][\/et_pb_image][\/et_pb_column][\/et_pb_row][et_pb_row _builder_version=\u00bb3.27.4&#8243; border_color_all=\u00bb#e0e7ed\u00bb border_width_top=\u00bb1px\u00bb border_width_bottom=\u00bb1px\u00bb border_color_bottom=\u00bb#e8e8e8&#8243; use_custom_width=\u00bbon\u00bb custom_width_px=\u00bb1440px\u00bb][et_pb_column type=\u00bb4_4&#8243; _builder_version=\u00bb3.25&#8243; custom_padding=\u00bb|||\u00bb custom_padding__hover=\u00bb|||\u00bb][et_pb_text admin_label=\u00bbClients Testimonial\u00bb _builder_version=\u00bb3.29.3&#8243; text_font=\u00bbMontserrat||||||||\u00bb text_font_size=\u00bb18px\u00bb text_line_height=\u00bb2.2em\u00bb header_font=\u00bb||||||||\u00bb header_2_font=\u00bb||||||||\u00bb header_3_font=\u00bbMontserrat||||||||\u00bb header_3_font_size=\u00bb24px\u00bb header_3_line_height=\u00bb1.5em\u00bb header_6_font=\u00bb||||||||\u00bb width=\u00bb98.8%\u00bb custom_margin=\u00bb|-84px|20px|||\u00bb custom_padding=\u00bb|0px||||\u00bb]<\/p>\n<h1><strong>I EEM<\/strong>_con los Objetivos de Desarrollo Sostenible<\/h1>\n<p>&nbsp;<\/p>\n<p style=\"text-align: justify;\"><a href=\"https:\/\/www.unenvironment.org\/es\" target=\"_blank\" rel=\"noopener noreferrer\"><img loading=\"lazy\" decoding=\"async\" src=\"http:\/\/1eem.degren.eu\/wp-content\/uploads\/2019\/09\/eem-ods-300x110.jpg\" alt=\"\" class=\"wp-image-221 alignnone size-medium\" style=\"float: left; margin-right: 15px;\" width=\"177\" height=\"65\" \/><\/a>Este evento se \u201cdise\u00f1a, organiza y desarrolla de manera que se minimicen los potenciales impactos ambientales, y que se deje un legado beneficioso para la comunidad anfitriona y todos los invitados\u201d, como se indica para los eventos sostenibles en el <a href=\"https:\/\/www.unenvironment.org\/es\" target=\"_blank\" rel=\"noopener noreferrer\">Programa de Naciones Unidas para el Medio Ambiente \u2013 PNUMA.<\/a><\/p>\n<p style=\"text-align: justify;\">Adem\u00e1s, tiene un v\u00ednculo espec\u00edfico con metas e indicadores establecidos por los ODS, relacionados con los marcados para el evento.<\/p>\n<p style=\"text-align: justify;\"><a href=\"http:\/\/1eem.degren.eu\/wp-content\/uploads\/2019\/10\/ODS_1EEM_revCC.pdf\" target=\"_blank\" rel=\"noopener noreferrer\">Acciones realizadas para alcanzar un evento lo m\u00e1s sostenible posible<\/a>.<\/p>\n<p>[\/et_pb_text][\/et_pb_column][\/et_pb_row][et_pb_row _builder_version=\u00bb3.27.4&#8243;][et_pb_column type=\u00bb4_4&#8243; _builder_version=\u00bb3.27.4&#8243;][et_pb_text _builder_version=\u00bb3.27.4&#8243;]<\/p>\n<p style=\"text-align: justify;\">El proyecto DEGREN (Centro Transfronterizo de Innovaci\u00f3n Empresarial en Ecodise\u00f1o en la EUROACE \u2013 Design &amp; Green ENgineering ) est\u00e1 financiado por el PO Interreg V-A Espa\u00f1a-Portugal (POCTEP) 2014\u20132020.<\/p>\n<p>[\/et_pb_text][\/et_pb_column][\/et_pb_row][\/et_pb_section]<\/p>\n","protected":false},"excerpt":{"rendered":"<p>I EUROACE Ecodesign Meeting &nbsp; El I EUROACE Ecodesign Meeting (I EEM) es un espacio concebido para reunir a mentes comprometidas e innovadoras de la EUROACE con el objetivo de: sensibilizar sobre el ECODISE\u00d1O y las oportunidades que ofrece para la mejora de la competitividad empresarial, as\u00ed como las acciones que se pueden promover para [&hellip;]<\/p>\n","protected":false},"author":1,"featured_media":0,"parent":0,"menu_order":0,"comment_status":"closed","ping_status":"open","template":"","meta":{"_et_pb_use_builder":"on","_et_pb_old_content":"<!-- wp:paragraph -->\n<p>El\n<strong>I EUROACE Ecodesign Meeting (I EEM)<\/strong> es un espacio concebido\npara reunir a mentes comprometidas e innovadoras de la EUROACE con el\nobjetivo de: sensibilizar sobre el <strong>ECODISE\u00d1O<\/strong> y las\noportunidades que ofrece para la mejora de la competitividad\nempresarial, as\u00ed como las acciones que se pueden promover para su\ndesarrollo; un evento para que seas parte del desarrollo de\nExtremadura, Alentejo y Regi\u00f3n Centro de Portugal desde la\ninnovaci\u00f3n y el intercambio.<\/p>\n<!-- \/wp:paragraph -->\n\n<!-- wp:paragraph -->\n<p>En\nel <strong>I EEM<\/strong> podr\u00e1s encontrar ideas y oportunidades para todo\ntipo de agentes del territorio EUROACE, desde <strong>DEGREN Ecolab<\/strong>\ndel d\u00eda 30, con un formato fresco y din\u00e1mico donde se presentar\u00e1n\ndistintas iniciativas innovadoras vinculadas con el ECODISE\u00d1O, hasta\nel evento principal del d\u00eda 31 con una importante oferta formativa e\ninformativa sobre las tendencias en ECODISE\u00d1O actuales.<\/p>\n<!-- \/wp:paragraph -->","_et_gb_content_width":"","footnotes":""},"class_list":["post-2","page","type-page","status-publish","hentry"],"_links":{"self":[{"href":"http:\/\/1eem.degren.eu\/index.php\/wp-json\/wp\/v2\/pages\/2","targetHints":{"allow":["GET"]}}],"collection":[{"href":"http:\/\/1eem.degren.eu\/index.php\/wp-json\/wp\/v2\/pages"}],"about":[{"href":"http:\/\/1eem.degren.eu\/index.php\/wp-json\/wp\/v2\/types\/page"}],"author":[{"embeddable":true,"href":"http:\/\/1eem.degren.eu\/index.php\/wp-json\/wp\/v2\/users\/1"}],"replies":[{"embeddable":true,"href":"http:\/\/1eem.degren.eu\/index.php\/wp-json\/wp\/v2\/comments?post=2"}],"version-history":[{"count":142,"href":"http:\/\/1eem.degren.eu\/index.php\/wp-json\/wp\/v2\/pages\/2\/revisions"}],"predecessor-version":[{"id":483,"href":"http:\/\/1eem.degren.eu\/index.php\/wp-json\/wp\/v2\/pages\/2\/revisions\/483"}],"wp:attachment":[{"href":"http:\/\/1eem.degren.eu\/index.php\/wp-json\/wp\/v2\/media?parent=2"}],"curies":[{"name":"wp","href":"https:\/\/api.w.org\/{rel}","templated":true}]}}